{"version":"1.0","provider_name":"Zacc ","provider_url":"https:\/\/zacc.cafeblog.hu","author_name":"M\u00e1zli","author_url":"https:\/\/zacc.cafeblog.hu\/author\/gini-papp\/","title":"Lemondott a j\u00e1r\u00e1sr\u00f3l, egy kisfi\u00fa\u00e9rt","html":"<div>\n<div><em><strong><span style=\"font-family: georgia, palatino;font-size: medium\">A saj\u00e1t m\u0171t\u00e9tj\u00e9re gy\u0171jt\u00f6tte \u00f6ssze n\u00e9gy \u00e9v alatt a 20 ezer fontot. <\/span><\/strong><\/em>\n<em><strong><span style=\"font-family: georgia, palatino;font-size: medium\">Most viszont felaj\u00e1nlotta a p\u00e9nzt a fogyat\u00e9kos kisfi\u00fanak, \u00edgy lemondott arr\u00f3l, hogy \u00fajra j\u00e1rjon.<\/span><\/strong><\/em><\/div>\n<div><\/div>\n<div><img style=\"margin-left: auto;margin-right: auto\" alt=\"\" src=\"https:\/\/zacc.cafeblog.hu\/files\/2013\/10\/470_7113.jpg\" width=\"470\" height=\"265\" border=\"0\" \/><\/div>\n<span style=\"line-height: 1.5em;font-family: georgia, palatino;font-size: medium\">K\u00fclf\u00f6ld\u00f6n bevett szok\u00e1s az internetes adom\u00e1nygy\u0171jt\u00e9s mag\u00e1nszem\u00e9lyek sz\u00e1m\u00e1ra.\nAz 5 \u00e9ves Brecon sz\u00fclei is ehhez folyamodtak, hogy \u00f6sszegy\u0171jts\u00e9k a 60 ezer fontot fogyat\u00e9kos fiuk speci\u00e1lis m\u0171t\u00e9tj\u00e9re.<!--bevezetes-vege--><\/span>\n\n<span style=\"line-height: 1.5em;font-family: georgia, palatino;font-size: medium\">\u00c9rkeztek is sz\u00e9p sorj\u00e1ban a kisebb-nagyobb felaj\u00e1nl\u00e1sok, majd egyszer csak megl\u00e1tt\u00e1k\u00a0a 20 ezer fontos \u00f6sszeget a sz\u00e1ml\u00e1jukon. A brit Dan Black aj\u00e1nlotta fel az adom\u00e1nyt, \u00e1m ezzel lemondott a saj\u00e1t kezel\u00e9s\u00e9r\u0151l, ami lehet\u0151v\u00e9 tette volna sz\u00e1m\u00e1ra, hogy \u00fajra j\u00e1rni tudjon.<\/span>\n\n<a class=\"pirobox_gall first\" href=\"http:\/\/www.szeretlekmagyarorszag.hu\/wp-content\/uploads\/2013\/07\/423.jpg\" rel=\"gallery\" rev=\"0\"><img alt=\"\" src=\"https:\/\/zacc.cafeblog.hu\/files\/2013\/10\/asp_466_4233.jpg\" width=\"466px\" border=\"0\" \/><\/a>\n\n<a class=\"pirobox_gall\" href=\"http:\/\/www.szeretlekmagyarorszag.hu\/wp-content\/uploads\/2013\/07\/518.jpg\" rel=\"gallery\" rev=\"1\"><img alt=\"\" src=\"https:\/\/zacc.cafeblog.hu\/files\/2013\/10\/asp_466_5183.jpg\" width=\"466px\" border=\"0\" \/><\/a>\n\n<span style=\"font-family: georgia, palatino;font-size: medium\">Ugyanis p\u00e1r \u00e9vvel ezel\u0151tt balesetet szenvedett, mely ut\u00e1n m\u00e1r nem tudott j\u00e1rni. <\/span>\n<span style=\"font-family: georgia, palatino;font-size: medium\">N\u00e9gy \u00e9v\u00e9be telt, hogy \u00f6sszegy\u0171jtse a 20 ezer fontot - nagyj\u00e1b\u00f3l 7,1 milli\u00f3 forint - <\/span><span style=\"font-family: georgia, palatino;font-size: medium\">egy olyan \u0151ssejt kezel\u00e9sre, ami meggy\u00f3gy\u00edtotta volna \u0151t.<\/span>\n<span style=\"font-family: georgia, palatino;font-size: medium;line-height: 1.5em\">Az utols\u00f3 pillanatban meggondolta mag\u00e1t: a teljes \u00f6sszeget Breconnak utalta \u00e1t,<\/span>\n<span style=\"font-family: georgia, palatino;font-size: medium\">aki \u00fagy j\u00f6tt vil\u00e1gra, hogy egy agyk\u00e1rosod\u00e1s miatt k\u00e9toldali b\u00e9nul\u00e1sban szenved <\/span>\n<span style=\"font-family: georgia, palatino;font-size: medium\">\u00e9s l\u00e1bai teljesen merevek. Nem tett meg m\u00e9g egy l\u00e9p\u00e9st sem seg\u00edts\u00e9g n\u00e9lk\u00fcl, <\/span>\n<span style=\"font-family: georgia, palatino;font-size: medium\">\u00e1m a 60 ezer fontos m\u0171t\u00e9t ut\u00e1n m\u00e1r ez is menni fog neki.<\/span>\n\n<a class=\"pirobox_gall\" href=\"http:\/\/www.szeretlekmagyarorszag.hu\/wp-content\/uploads\/2013\/07\/615.jpg\" rel=\"gallery\" rev=\"2\"><img alt=\"\" src=\"https:\/\/zacc.cafeblog.hu\/files\/2013\/10\/asp_466_6153.jpg\" width=\"466px\" border=\"0\" \/><\/a>\n\n<a class=\"pirobox_gall\" href=\"http:\/\/www.szeretlekmagyarorszag.hu\/wp-content\/uploads\/2013\/07\/88.jpg\" rel=\"gallery\" rev=\"3\"><img alt=\"\" src=\"https:\/\/zacc.cafeblog.hu\/files\/2013\/10\/asp_466_883.jpg\" width=\"466px\" border=\"0\" \/><\/a>\n\n<span style=\"font-family: georgia, palatino;font-size: medium\">Jelenleg 35 ezer fontn\u00e1l tart a sz\u00fcl\u0151k egyenlege, amit f\u0151leg Dan n\u00f6velt ekkor\u00e1ra <\/span><span style=\"font-family: georgia, palatino;font-size: medium\">a 20 ezer fontos csekkj\u00e9vel. A nemes tettr\u0151l a 25 \u00e9ves f\u00e9rfi csak \u00edgy nyilatkozott: <\/span>\n<span style=\"font-family: georgia, palatino;font-size: medium\">\"T\u00f6bb es\u00e9lye van Breconnak arra, hogy j\u00e1rjon, mint nekem. Nekem volt 22 \u00e9vem, <\/span><span style=\"font-family: georgia, palatino;font-size: medium\">amit s\u00e9t\u00e1l\u00e1ssal t\u00f6lthettem el. Breconnak eddig m\u00e9g 22 perce sem volt. <\/span>\n<span style=\"font-family: georgia, palatino;font-size: medium\">Nagyon h\u00e1l\u00e1s vagyok mindenkinek, aki rajtam akart seg\u00edteni, de most \u00fagy \u00e9rzem, <\/span><span style=\"font-family: georgia, palatino;font-size: medium\">neki nagyobb sz\u00fcks\u00e9ge van r\u00e1.\"<\/span>\n\n<a class=\"pirobox_gall last\" href=\"http:\/\/www.szeretlekmagyarorszag.hu\/wp-content\/uploads\/2013\/07\/239.jpg\" rel=\"gallery\" rev=\"4\"><img alt=\"\" src=\"https:\/\/zacc.cafeblog.hu\/files\/2013\/10\/asp_466_2393.jpg\" width=\"466px\" border=\"0\" \/><\/a>\n\n<span style=\"font-family: georgia, palatino\">A<span style=\"font-size: medium\"> kisfi\u00fa csal\u00e1dja v\u00e9gtelen\u00fcl h\u00e1l\u00e1s a nagylelk\u0171 Dan adom\u00e1ny\u00e1nak, \u00e9s nem is tudnak <\/span><\/span><span style=\"font-family: georgia, palatino;font-size: medium\">szavakat tal\u00e1lni Dan tett\u00e9re. Persze mi sem...<\/span>\n\n<span style=\"font-family: 'times new roman', times;font-size: medium\">(Gini Papp)\n(Forr\u00e1s: szeretlekmagyarorszag.hu)<\/span>\n\n&nbsp;\n\n<\/div>","type":"rich","thumbnail_url":"https:\/\/zacc.cafeblog.hu\/files\/2013\/10\/1160-150x150.jpg","thumbnail_width":150,"thumbnail_height":150}