{"version":"1.0","provider_name":"Zacc ","provider_url":"https:\/\/zacc.cafeblog.hu","author_name":"M\u00e1zli","author_url":"https:\/\/zacc.cafeblog.hu\/author\/gini-papp\/","title":"\u00d6sszetartoz\u00e1s, mi mindent takar e sz\u00f3!","html":"<strong>Sportszer\u0171s\u00e9g, \u00f6nzetlens\u00e9g, el\u0151z\u00e9kenys\u00e9g, embers\u00e9g, j\u00f3sz\u00edv\u0171s\u00e9g, adakoz\u00e1sv\u00e1gy, seg\u00edts\u00e9gny\u00fajt\u00e1s<\/strong> - szavak, melyeknek ereje \u00e9s jelent\u0151s\u00e9ge, m\u00e1ra nagyon fel\u00e9rt\u00e9kel\u0151d\u00f6tt.\nKi vagyunk \u00e9hezve azokra a h\u00edrekre, k\u00e9pekre, t\u00e1j\u00e9koztat\u00e1sokra, melyek ezekr\u0151l sz\u00f3lnak. Mert a m\u00e9dia igyekszik elhitetni vel\u00fcnk, hogy ennek \u00e9pp az ellenkez\u0151je jellemz\u0151 a mai emberis\u00e9gre.\nPEDIG DEHOGY!\n\n<a href=\"https:\/\/zacc.cafeblog.hu\/files\/2013\/11\/plusz-egy-kave.png\"><img class=\"size-full wp-image-4851 aligncenter\" src=\"https:\/\/zacc.cafeblog.hu\/files\/2013\/11\/plusz-egy-kave.png\" alt=\"plusz-egy-kave\" width=\"468\" height=\"236\" \/><\/a>\n<span style=\"text-decoration: underline\"><strong>Ugye Te sem hiszel nekik?<\/strong><\/span>\nMi\u00f3ta elind\u00edtottuk \u00e9s gondozzuk az <a href=\"http:\/\/www.adjegyetajandekba.hu\/index\">Adj Egyet Aj\u00e1nd\u00e9kba!<\/a> mozgalmat (<strong>+1, vagy Suspended Coffee Magyarorsz\u00e1g<\/strong>), sokkal nagyobb r\u00e1l\u00e1t\u00e1som van erre a ter\u00fcletre! Haboz\u00e1s n\u00e9lk\u00fcl aj\u00e1nlott\u00e1k fel emberek, \u00e9s c\u00e9gek, hogy elk\u00e9sz\u00edtik ingyen a profi weboldalt, kinyomtatj\u00e1k a matric\u00e1kat, stb...\nMeg\u00e9lt\u00fcnk ezalatt k\u00f6z\u00f6sen - az ott tart\u00f3zkod\u00f3 t\u00e1borral - egy h\u00f3\"helyzetet\", \u00e9s egy \u00e1rvizet is.\u00a0Sikerrel toboroztunk, \u00e9s magunk is r\u00e9szt vett\u00fcnk j\u00f3t\u00e9konys\u00e1gi \u00e9telk\u00e9sz\u00edt\u00e9seken, oszt\u00e1sokon.\nPontosan l\u00e1ttam az \u00f6sszetartoz\u00e1st! Az emberek j\u00f3s\u00e1g\u00e1t, az \u00f6nzetlens\u00e9get!\n<em>Velem ugyan senki el nem hiteti, ezek ellenkez\u0151j\u00e9t...\n<strong>Ha m\u00e1st tapasztalsz, hidd el, a hiba a TE k\u00e9sz\u00fcl\u00e9kedben van!\nTal\u00e1n seg\u00edt, ha akt\u00edvabban r\u00e9szt veszel az ilyen esem\u00e9nyeken...<\/strong><\/em>\n\nA bejegyz\u00e9sem aprop\u00f3ja m\u00e9gsem ez a mozgalom most, hanem az a vide\u00f3, amit\u0151l \"valami a szemembe ment\" :)\nAmiben neves \u00e9s - sz\u00e1momra - n\u00e9vtelen sportol\u00f3k mutatj\u00e1k ki embers\u00e9g\u00fcket, \u00f6nzetlens\u00e9g\u00fcket. \u00a0Ronaldinho, Kaka, birk\u00f3z\u00f3k, \u00e9s m\u00e1s sportol\u00f3k...\n<strong><em>K\u00f6zt\u00fck Dick Hoyt, az \u00e9vsz\u00e1zad \u00e9desapja!<\/em><\/strong>\nA vide\u00f3 ut\u00e1n mes\u00e9lek R\u00f3la\/R\u00f3luk m\u00e9g n\u00e9h\u00e1ny mondatban.\nHa nem vagy t\u00fal szentiment\u00e1lis, akkor is k\u00e9sz\u00edts magad mell\u00e9 p\u00e9zs\u00e9t szerintem :)\n\n<iframe src=\"\/\/www.youtube.com\/embed\/0PyA5d6Gb_8\" width=\"560\" height=\"315\" frameborder=\"0\"><\/iframe>\n\nNos teh\u00e1t, \u00a0Dick \u00e9s fia Nick.\n\n<em><strong>A Team Hoyt megind\u00edt\u00f3 t\u00f6rt\u00e9nete <span style=\"text-decoration: underline\">37 \u00e9vvel ezel\u0151ttre ny\u00falik vissza<\/span>, akkor indult apa \u00e9s s\u00e9r\u00fclt fia el\u0151sz\u00f6r egy\u00fctt, egy \u00f6t m\u00e9rf\u00f6ldes versenyen.<\/strong><\/em> Az\u00f3ta sz\u00e1mtalan fut\u00f3-, illetve triatlonversenyen vannak t\u00fal \u00edgy egy\u00fctt, k\u00f6zt\u00fck hat <strong>\"Ironman\"<\/strong> triatlon \u00e9s egy 3375 m\u00e9rf\u00f6ldes terepduatlon.\n\n2009-ben Dick Hoyt \u00fagy nyilatkozott, hogy rem\u00e9li, hogy ereje engedi, hogy ott legyenek a 2011-es Boston Maratonon is, ugyanis abban az \u00e9vben t\u00f6lt\u00f6tte 70. \u00e9v\u00e9t. A duo nem csak el\u00e9rte, de t\u00fal is sz\u00e1rnyalta ezt a c\u00e9lt, \u00e9s sorozatban 31.alkalommal, \u00a0ism\u00e9t ott \u00e1llt az imm\u00e1r 72 esztend\u0151s Dick Hoyt, \u00e9s 51 \u00e9ves agyi b\u00e9nul\u00e1sos fia a legend\u00e1s bostoni rajtn\u00e1l.\nId\u00e9n \u00e1prilis\u00e1ban Dick, \u00e9s Rick szobrot kapott Bostonban.\n\n<a href=\"https:\/\/zacc.cafeblog.hu\/files\/2013\/11\/dick-hoyt-szobor.jpg\"><img class=\"size-full wp-image-4852 aligncenter\" src=\"https:\/\/zacc.cafeblog.hu\/files\/2013\/11\/dick-hoyt-szobor.jpg\" alt=\"dick hoyt szobor\" width=\"500\" height=\"310\" \/><\/a>\n\n<iframe src=\"\/\/www.youtube.com\/embed\/RHB-eo8ndUY\" width=\"640\" height=\"480\" frameborder=\"0\"><\/iframe>\n\n(Gini Papp)","type":"rich","thumbnail_url":"https:\/\/zacc.cafeblog.hu\/files\/2013\/11\/dick-hoyt-szobor-150x150.jpg","thumbnail_width":150,"thumbnail_height":150}