{"version":"1.0","provider_name":"Zacc ","provider_url":"https:\/\/zacc.cafeblog.hu","author_name":"M\u00e1zli","author_url":"https:\/\/zacc.cafeblog.hu\/author\/gini-papp\/","title":"Embers\u00e9gb\u0151l jeles 3.","html":"<p><strong>Fiatal p\u00e1r \u00e1ll az illatszerrel \u00e9s h\u00e1ztart\u00e1si vegyi \u00e1ruval keresked\u0151 \u00fczletl\u00e1nc boltj\u00e1nak p\u00e9nzt\u00e1r\u00e1n\u00e1l. Nagyon rosszul \u00f6lt\u00f6z\u00f6ttek.<\/strong><br \/><strong> Az asszony mellett babakocsi, benne az \u00faj gener\u00e1ci\u00f3, a testet \u00f6lt\u00f6tt j\u00f6v\u0151.<\/strong><br \/><strong> A f\u00e9rj elkeseredetten kotor p\u00e9nzt\u00e1rc\u00e1j\u00e1ba, egyre kisebb c\u00edmlet\u0171 bankjegyek ker\u00fclnek el\u0151, azt\u00e1n a cs\u00f6ri: h\u00faszasok, t\u00edzesek, \u00f6t\u00f6s\u00f6k. A p\u00e9nzt\u00e1ros kisl\u00e1ny el\u0151tt k\u00e9t, b\u0151r\u00f6ndnyi csomag pelenka, \u0151 pedig v\u00e1r t\u00fcrelmesen.<\/strong><br \/><strong> A f\u00e9rj v\u00e9g\u00fcl feladja, \u00e1tteszi p\u00e1rja kez\u00e9be a p\u00e9nzt, \u00e9s halkan annyit mond:<\/strong><br \/><strong> - Az egyiket visszaviszem.<\/strong><br \/><strong> Sz\u00fcrke gyapj\u00fafel\u00f6lt\u0151s, kalapos, id\u0151sebb \u00far l\u00e9p ki a sorb\u00f3l, tartok t\u0151le, most fogyott el a t\u00fcrelme, reklam\u00e1lni fog a fiatalokn\u00e1l, mi\u00e9rt nem el\u0151bb sz\u00e1moltak? Megfogja az apuka karj\u00e1t.<\/strong><br \/><strong> - V\u00e1rjon, fiatalember.<\/strong><br \/><strong> T\u00e1rc\u00e1j\u00e1b\u00f3l el\u0151veszi az \u00fczletl\u00e1nc pontgy\u0171jt\u0151 f\u00fczet\u00e9t, \u00e9s odaadja a p\u00e9nzt\u00e1rosnak.<\/strong><br \/><strong> - Erre j\u00e1r h\u00fasz sz\u00e1zal\u00e9k kedvezm\u00e9ny, mert betelt. Ha \u00fagy sem el\u00e9g a p\u00e9nz\u00fck, k\u00e9rem, a marad\u00e9k \u00f6sszeget hozz\u00e1m \u00fcsse be, kisasszony!<\/strong><br \/><strong> A fiatalok h\u00e1l\u00e1lkodnak, a f\u00e9rfi legyint, l\u00e1tszik rajta, hogy zavarban van. A h\u00e1zasp\u00e1r v\u00e9g\u00fcl t\u00e1vozik pelenk\u00e1stul, babakocsistul. A kalapos \u00far vissza\u00e1ll a hely\u00e9re a sorba, a m\u00f6g\u00f6tte \u00e1ll\u00f3 f\u00e9rfi pedig megszor\u00edtja a k\u00f6ny\u00f6k\u00e9t:<\/strong><br \/><strong> - Ez sz\u00e9p volt, Mikl\u00f3s.<\/strong><br \/><strong> A kalapos ism\u00e9t legyint, hagyjuk.<\/strong><\/p>\r\n<p style=\"text-align: center\"><a href=\"https:\/\/zacc.cafeblog.hu\/files\/2013\/12\/121.jpg\"><img class=\"alignnone wp-image-7242 size-large\" src=\"https:\/\/zacc.cafeblog.hu\/files\/2013\/12\/121-600x4041.jpg\" alt=\"12\" width=\"600\" height=\"404\" \/><\/a><em>(illusztr\u00e1ci\u00f3)<\/em><\/p>\r\n<p><em><strong>\"Valami nagy-nagy t\u00fczet k\u00e9ne rakni,<\/strong><\/em><br \/> <em><strong>Hisz z\u00fazmar\u00e1s a v\u00e1ros, a berek...<\/strong><\/em><br \/> <em><strong>Fagyos kamr\u00e1k kilincs\u00e9t f\u00f6lszaggatni<\/strong><\/em><br \/> <em><strong>\u00c9s rakni, adjon sok-sok meleget.<\/strong><\/em><br \/> <em><strong>Azt a t\u00fczet, \u00f3 jaj, meg k\u00e9ne rakni,<\/strong><\/em><br \/> <em><strong>Hogy f\u00f6lengedn\u00e9nek az emberek!\"<\/strong><\/em><\/p>\r\n<p><strong>Ezeket a sorokat J\u00f3zsef Attila \u00edrta, 1922. november\u00e9ben.<\/strong><br \/><strong> H\u00e1t rakjuk meg v\u00e9gre azt a nagy-nagy t\u00fczet, bar\u00e1taim! Fogjuk meg v\u00e9gre egym\u00e1s kez\u00e9t, \u00f6lelj\u00fck \u00e1t egym\u00e1s v\u00e1ll\u00e1t, karoljunk egym\u00e1sba nagyon szorosan. Mert azt, ami a k\u00f6vetkez\u0151 k\u00e9t-h\u00e1rom \u00e9vben r\u00e1nk v\u00e1r, ez a nemzet m\u00e1sk\u00e9ppen nem lesz k\u00e9pes t\u00fal\u00e9lni.<\/strong><br \/><strong> Err\u0151l szerettem volna \u00edrni ma, kedves olvas\u00f3m.<\/strong><\/p>\r\n<p><strong><a href=\"https:\/\/illuzio.cafeblog.hu\/2015\/08\/21\/embersegbol-jeles-12-az-esokabatokat-osztogato-idegen\/\" target=\"_blank\">A sorozatb\u00f3l - a lenti k\u00e9pes aj\u00e1nl\u00f3ban l\u00e9v\u0151k\u00f6n k\u00edv\u00fcl -, ITT is tal\u00e1lsz m\u00e9g!<\/a><\/strong><\/p>\r\n<p>(Forr\u00e1s: <a href=\"http:\/\/iroklub.napvilag.net\/iras\/23492\">Moln\u00e1r P\u00e9ter<\/a>)<\/p>\r\n<p>(Gini Papp)<\/p>","type":"rich","thumbnail_url":"https:\/\/zacc.cafeblog.hu\/files\/2013\/12\/121-150x150.jpg","thumbnail_width":150,"thumbnail_height":150}