{"version":"1.0","provider_name":"Zacc ","provider_url":"https:\/\/zacc.cafeblog.hu","author_name":"M\u00e1zli","author_url":"https:\/\/zacc.cafeblog.hu\/author\/gini-papp\/","title":"Embers\u00e9gb\u0151l jeles 4.","html":"<p><em><strong>A vak f\u00e9rfi mellett vagy tucatnyian \u00e1lltak a Th\u00f6k\u00f6ly \u00faton, de \u00fcgyet sem vetettek r\u00e1. Senki sem seg\u00edtett neki \u00e1tkelni a zebr\u00e1n. Brandt Viktor n\u00e9zte egy darabig a jelenetet, majd bez\u00e1rta a 72-es troli vezet\u0151f\u00fclk\u00e9j\u00e9nek ajtaj\u00e1t, \u00e9s \u00e1tk\u00eds\u00e9rte a f\u00e9rfit a t\u00faloldalra. Amikor visszasz\u00e1llt a trolira, tapsvihar fogadta.<\/strong>\u00a0<\/em> - olvasom a <a href=\"http:\/\/nol.hu\/lap\/arcok\/20131217-alomszallito?ref=sso\">N\u00e9pszabads\u00e1g cikk\u00e9ben<\/a>.<\/p>\r\n<p><a href=\"https:\/\/zacc.cafeblog.hu\/files\/2013\/12\/N\u00e9pszabads\u00e1g-\u00c1lomsz\u00e1ll\u00edt\u00f3.jpg\"><img class=\"alignnone size-large wp-image-7298\" src=\"https:\/\/zacc.cafeblog.hu\/files\/2013\/12\/N\u00e9pszabads\u00e1g-\u00c1lomsz\u00e1ll\u00edt\u00f3-600x400.jpg\" alt=\"N\u00e9pszabads\u00e1g - \u00c1lomsz\u00e1ll\u00edt\u00f3\" width=\"600\" height=\"400\" \/><\/a><\/p>\r\n<p style=\"text-align: center\"><em>\/Fot\u00f3: N\u00e9pszabads\u00e1g - M.Schmidt J\u00e1nos\/<\/em><\/p>\r\n<p><strong>Brandt Viktor szeret mosolyt csalni az arcokra. Hol szalagavat\u00f3 b\u00e1lra szerez t\u00e1ncpartnert egy kerekes sz\u00e9kes l\u00e1ny sz\u00e1m\u00e1ra, akivel senki sem mer ki\u00e1llni t\u00e1ncolni, hol egy speci\u00e1lis beemel\u0151 szerkezetet \u201ekalapoz \u00f6ssze\u201d egy mozg\u00e1ss\u00e9r\u00fclt vid\u00e9ki f\u00e9rfi sz\u00e1m\u00e1ra, hol pedig trolibuszos Mikul\u00e1s-\u00fcnneps\u00e9get szervez mozg\u00e1ss\u00e9r\u00fclt gyerekeknek. Folyamatosan pittyeg a telefonja, \u00e9rkeznek a k\u00e9r\u00e9sek, a k\u00f6sz\u00f6n\u0151levelek. \u0150 pedig f\u00e1radhatatlanul igyekszik megval\u00f3s\u00edtani m\u00e1sok \u00e1lmait.<\/strong><\/p>\r\n<p><strong>M\u00e1r gyermekkor\u00e1ban sem b\u00edrt elmenni a ropi\u00e9rt zokog\u00f3 t\u00e1rsa mellett, ink\u00e1bb r\u00e1vette \u00e9desanyj\u00e1t, hogy vegyenek egy zacsk\u00f3 s\u00f3s p\u00e1lcik\u00e1t annak a fi\u00fanak. Kereskedelmi iskol\u00e1ba j\u00e1rt, t\u00f6bb, elektronikai cikkeket \u00e1rus\u00edt\u00f3 boltban is dolgozott, \u00e1m sehol sem volt hosszas marad\u00e1sa. M\u00edgnem a szomsz\u00e9dja a trolivezet\u00e9st aj\u00e1nlotta a figyelm\u00e9be. A j\u00e1rm\u0171vek ir\u00e1nt rajong\u00f3 ifj\u00fanak tetszett az \u00f6tlet, de a BKV-n\u00e1l t\u00fal fiatalnak tal\u00e1lt\u00e1k. \u0150 azonban addig j\u00e1rt a f\u0151n\u00f6k\u00f6k nyak\u00e1ra, am\u00edg beiskol\u00e1zt\u00e1k a tanfolyamra. Ennek imm\u00e1r 21 \u00e9ve: az\u00f3ta j\u00e1rja f\u0151k\u00e9nt az Arany J\u00e1nos utca \u00e9s a zugl\u00f3i vas\u00fat\u00e1llom\u00e1s k\u00f6z\u00f6tti \u00fatvonalat a 72-es trolival, de vezette m\u00e1r az \u00f6sszes t\u00f6bbi f\u0151v\u00e1rosi j\u00e1ratot is.<\/strong><\/p>\r\n<p><strong>A mindig mosolyg\u00f3, 42 \u00e9ves, de harmincnak sem l\u00e1tsz\u00f3 trolibuszvezet\u0151h\u00f6z gyakran f\u00f6lsz\u00e1llnak kerekes sz\u00e9kes emberek. Csak hogy egy kicsit utazzanak vele. Mert Viktor kinyitja sz\u00e1mukra a vil\u00e1got. Pedig \u0151 sem vezet mindig alacsony padl\u00f3s j\u00e1rm\u0171vet, m\u00e9gis odafigyel. Nem csak az utasaira, mindenkire. Mert \u0151 annak \u00f6r\u00fcl, ha m\u00e1soknak \u00f6r\u00f6met szerez.<\/strong><\/p>\r\n<p><strong>Viktor tudja, milyen, amikor valaki eg\u00e9sz \u00e9let\u00e9ben m\u00e1sok seg\u00edts\u00e9g\u00e9re szorul, hiszen gyermekkor\u00e1ban k\u00f6zelr\u0151l megtapasztalta. Szkler\u00f3zis multiplexben szenved\u0151 nagymam\u00e1ja harminc \u00e9vet \u00e9lt betegs\u00e9ge miatt gyakorlatilag bez\u00e1rva egy els\u0151 emeleti lak\u00e1sba. \u2013Akkoriban nem \u00e9p\u00edtettek r\u00e1mp\u00e1kat, a mozg\u00e1ss\u00e9r\u00fclt emberek nem tudtak kimozdulni otthonr\u00f3l. Ma m\u00e1r vannak r\u00e1mp\u00e1k, \u00e1m a k\u00f6zleked\u00e9s megoldatlans\u00e1ga miatt tov\u00e1bbra is sok kerekes sz\u00e9kes \u00e9l a n\u00e9gy fal k\u00f6z\u00e9 z\u00e1rva. A metr\u00f3, sz\u00e1mos busz- \u00e9s villamosj\u00e1rat seg\u00edts\u00e9g n\u00e9lk\u00fcl megk\u00f6zel\u00edthetetlen sz\u00e1mukra, a mozg\u00f3l\u00e9pcs\u0151k\u00f6n \u00e9s az alulj\u00e1r\u00f3kon sem tudnak egyed\u00fcl \u00e1tjutni. Az alacsony padl\u00f3s buszokra sokat kell v\u00e1rniuk. Taxiba sz\u00e1llni sem tudnak olyan egyszer\u0171en: az elektromos kerekes sz\u00e9k be sem f\u00e9r egy sima csomagtart\u00f3ba, a norm\u00e1l sz\u00e9knek is ki kell venni a kerek\u00e9t \u2013 sorolja.<\/strong><\/p>\r\n<p><strong><a href=\"https:\/\/illuzio.cafeblog.hu\/2015\/08\/21\/embersegbol-jeles-12-az-esokabatokat-osztogato-idegen\/\" target=\"_blank\">A sorozatb\u00f3l - a lenti k\u00e9pes aj\u00e1nl\u00f3ban l\u00e9v\u0151k\u00f6n k\u00edv\u00fcl -, ITT is tal\u00e1lsz m\u00e9g!<\/a><\/strong><\/p>\r\n<p>A cikk folytat\u00e1s\u00e1\u00e9rt kattints \u00e1t a <a href=\"http:\/\/nol.hu\/lap\/arcok\/20131217-alomszallito?ref=sso\">N\u00e9pszabads\u00e1g cikk\u00e9re!<\/a><\/p>\r\n<p>(Gini Papp)<\/p>","type":"rich","thumbnail_url":"https:\/\/zacc.cafeblog.hu\/files\/2013\/12\/N\u00e9pszabads\u00e1g-\u00c1lomsz\u00e1ll\u00edt\u00f3-150x150.jpg","thumbnail_width":150,"thumbnail_height":150}