{"version":"1.0","provider_name":"Zacc ","provider_url":"https:\/\/zacc.cafeblog.hu","author_name":"M\u00e1zli","author_url":"https:\/\/zacc.cafeblog.hu\/author\/gini-papp\/","title":"Az \u00faj IKEA b\u00fatorok felt\u00f6ltik a mobilt is!","html":"<p><em><strong>Im\u00e1dom az IKEA-t, \u00f3r\u00e1kig tudok k\u00f3borolni benne. Csal\u00e1dbar\u00e1t \u00e9s laza. Szeretem az \u00e9teleiket - na j\u00f3, a r\u00e9nszarvas lasagnet nem pr\u00f3b\u00e1ln\u00e1m ki soha, mert Rudolfot nem zab\u00e1ljuk be -, \u00e9s mindig tal\u00e1lok valamit, ami \u00e9ppen kedvemre val\u00f3. Praktikus, fiatalos, figyelnek a legapr\u00f3bb r\u00e9szletekre is a tervez\u0151ik. Leg\u00fajabb tal\u00e1lm\u00e1nyuk lesz az eddig legtutibb v\u00edvm\u00e1nyuk, \u00e1ll\u00edtom!<\/strong><\/em><br \/><em><strong>\"N\u00e9h\u00e1ny h\u00e9ten bel\u00fcl megjelennek az eur\u00f3pai \u00e9s az \u00e9szak-amerikai IKEA \u00e1ruh\u00e1zakban azok a b\u00fatorok, melyekben megtal\u00e1lhat\u00f3 lesz a Qi szabv\u00e1nyt t\u00e1mogat\u00f3 vezet\u00e9k n\u00e9lk\u00fcli t\u00f6lt\u00e9s k\u00e9pess\u00e9ge\" \u2013 <a class=\"external\" href=\"http:\/\/hvg.hu\/tudomany\/20150302_ikea_butorok_qi_vezetek_nelkuli_tolto#rss\" target=\"_blank\" rel=\"nofollow\">\u00edrja a hvg.hu<\/a>.<\/strong><\/em><br \/><em><strong>Bezony, bezony!\u00a0Vezet\u00e9k n\u00e9lk\u00fcli t\u00f6lt\u0151ket \u00e9p\u00edt a b\u00fatoraiba. S\u0151t, vezet\u00e9k sem kell hozz\u00e1, mivel a c\u00e9g meg\u00e1llapodott az egyik vezet\u00e9k n\u00e9lk\u00fcli megold\u00e1sokkal foglalkoz\u00f3 v\u00e1llalattal. El\u00e9g lesz r\u00e1tenni a telefont a b\u00fatorra \u00e9s m\u00e1r t\u00f6lt\u0151dik is.<\/strong><\/em><\/p>\r\n<p><a href=\"https:\/\/zacc.cafeblog.hu\/files\/2015\/03\/3791.jpg\" rel=\"attachment wp-att-37002\"><img class=\"aligncenter size-full wp-image-37002\" src=\"https:\/\/zacc.cafeblog.hu\/files\/2015\/03\/3791.jpg\" alt=\"3\" width=\"560\" height=\"374\" \/><\/a><\/p>\r\n<p><a href=\"https:\/\/zacc.cafeblog.hu\/files\/2015\/03\/3801.jpg\" rel=\"attachment wp-att-37003\"><img class=\"aligncenter size-full wp-image-37003\" src=\"https:\/\/zacc.cafeblog.hu\/files\/2015\/03\/3801.jpg\" alt=\"3\" width=\"560\" height=\"841\" \/><\/a><\/p>\r\n<p><a href=\"https:\/\/zacc.cafeblog.hu\/files\/2015\/03\/3831.jpg\" rel=\"attachment wp-att-37004\"><img class=\"aligncenter size-full wp-image-37004\" src=\"https:\/\/zacc.cafeblog.hu\/files\/2015\/03\/3831.jpg\" alt=\"3\" width=\"560\" height=\"315\" \/><\/a><\/p>\r\n<p><em><strong>A rendszerrel kompatibilis lesz\u00a0a Samsung, a Nokia, a HTC \u00e9s a Google t\u00f6bb k\u00e9sz\u00fcl\u00e9ke is.<\/strong><\/em><br \/><em><strong>Most mondd, hogy nem \u00e1jult\u00e1l el!\u00a0<\/strong><\/em><\/p>\r\n<p>Szerz\u0151 : Gini Papp - Zacc<\/p>","type":"rich","thumbnail_url":"https:\/\/zacc.cafeblog.hu\/files\/2015\/03\/379-150x150.jpg","thumbnail_width":150,"thumbnail_height":150}