{"version":"1.0","provider_name":"Zacc ","provider_url":"https:\/\/zacc.cafeblog.hu","author_name":"M\u00e1zli","author_url":"https:\/\/zacc.cafeblog.hu\/author\/gini-papp\/","title":"Aranyk\u00f6p\u00e9sek az iskolapadb\u00f3l","html":"<p><strong>A\u00a0<a href=\"https:\/\/zacc.cafeblog.hu\/2013\/10\/06\/filleres-emlekeim\/\" target=\"_blank\">Fill\u00e9res eml\u00e9keim c\u00edm\u0171 bejegyz\u00e9semben<\/a>, a saj\u00e1t \u00e9s bar\u00e1taim f\u00e9lrehall\u00e1sait f\u0171ztem \u00f6ssze. Most iskolai dolgozatokb\u00f3l, feleletekb\u0151l hoztam egy gy\u0171jtem\u00e9nyt, amit k\u00f6rlev\u00e9lben kaptam, \u00e9s nagyon j\u00f3t mulattam rajta. Szerintem Te is im\u00e1dni fogod \u0151ket.<\/strong><\/p>\r\n<p><em><strong>-\u00a0R\u00f3m\u00e1t Romulus \u00e9s Ronaldinho alap\u00edtotta.<\/strong><\/em><\/p>\r\n<p><em><strong>-\u00a0A g\u00f6r\u00f6g\u00f6k kitett\u00e9k a falovat a v\u00e1r udvar\u00e1ba, amib\u0151l az \u00e9jszaka leple alatt el\u0151b\u00fajtak az oroszok!<\/strong><\/em><\/p>\r\n<p><em><strong>-\u00a0Az anya Romulust \u00e9s Remust belehelyezte egy v\u00f6d\u00f6rbe majd a Dr\u00e1v\u00e1ba tette \u0151ket.<\/strong><\/em><\/p>\r\n<p><em><strong>-\u00a0Mivel k\u00f6t\u00f6tt\u00e9k meg a fut\u00f3homokot az Alf\u00f6ld\u00f6n?<\/strong><\/em><br \/><em><strong>Tudom, dr\u00f3tk\u00f6t\u00e9llel!<\/strong><\/em><\/p>\r\n<p><em><strong>-\u00a0A tat\u00e1rok B\u00e1nk b\u00e1n vezet\u00e9s\u00e9vel t\u00f6rtek be az orsz\u00e1gba!<\/strong><\/em><\/p>\r\n<p><em><strong>-\u00a0Az egyik gyerek a Toldi cselekm\u00e9ny\u00e9t \u00edrja le: \u201cNagy a meleg a mez\u0151n, mindenki hortyog a h\u0171v\u00f6sben. Egy leg\u00e9ny van csak talpon, de az is az eget b\u00e1mulja.\u201d<\/strong><\/em><\/p>\r\n<p><em><strong>- Als\u00f3s \u00e9vek biol\u00f3gia v\u00e1laszai:<\/strong><\/em><br \/><em><strong>1. Jellemezd a h\u00f3dot!<\/strong><\/em><br \/><em><strong>- A h\u00f3dnak 3 km-es farka van \u00e9s 1,5 literes foga.<\/strong><\/em><br \/><em><strong>2. Milyen a szarvasmarha fogazata?<\/strong><\/em><br \/><em><strong>- T\u00e9p\u0151fog.<\/strong><\/em><br \/><em><strong>3. Ismertesd a szarvasmarha t\u00e1pl\u00e1lkoz\u00e1s\u00e1t!<\/strong><\/em><br \/><em><strong>- Vega.<\/strong><\/em><br \/><em><strong>*F\u00f6ldrajz dolgozat:<\/strong><\/em><br \/><em><strong>1. Mi a f\u00e9lsziget?<\/strong><\/em><br \/><em><strong>- Egy f\u00f6ldet nyal\u00f3 nyelv.<\/strong><\/em><\/p>\r\n<p><strong><a href=\"https:\/\/illuzio.cafeblog.hu\/2015\/06\/04\/sirasig-jo-tanari-beirasok-az-ellenorzokben-es-nehol-a-szulo-is-tollat-ragadott\/\" target=\"_blank\">A \"S\u00edr\u00e1sig j\u00f3 tan\u00e1ri be\u00edr\u00e1sok\" megvolt m\u00e1r? Na, ha nem, h\u00e1t itt tal\u00e1lod \u0151ket! :D<\/a><\/strong><\/p>\r\n<p><em><strong>- Fels\u0151s \u00e9vek:<\/strong><\/em><br \/><em><strong>- T\u00f6rt\u00e9nelem:<\/strong><\/em><br \/><em><strong>Damjanich J\u00e1nos visszafoglalta nek\u00fcnk Spanyolorsz\u00e1got.<\/strong><\/em><\/p>\r\n<p><em><strong>- Biol\u00f3gia:<\/strong><\/em><br \/><em><strong>A gy\u00f6ngyty\u00fak gy\u00f6ngyhagym\u00e1t tojik.<\/strong><\/em><\/p>\r\n<p><em><strong>- F\u00f6ldrajz:<\/strong><\/em><br \/><em><strong>Kaposv\u00e1r Budapest f\u0151v\u00e1rosa.<\/strong><\/em><\/p>\r\n<p><em><strong>- Tan\u00e1r: Hogyan keletkezik a durran\u00f3 g\u00e1z? V\u00e1lasz: Ha megeszel egy t\u00e1l bablevest, megtudod. Felh\u00e1borodtam, hogy 2-est adott.<\/strong><\/em><\/p>\r\n<p><em><strong>-\u00a0\u00c1ltal\u00e1nosban oszt\u00e1lyt\u00e1rsam felelt t\u0151rib\u0151l. K\u00e9rdezte a tan\u00e1r, mi a hideg h\u00e1bor\u00fa.<\/strong><\/em><br \/><em><strong>V\u00e1lasza: Az, amikor az emberek hideg v\u00e9rrel legyilkolj\u00e1k egym\u00e1st.<\/strong><\/em><\/p>\r\n<p><em><strong>-\u00a0A fa mi\u00e9rt \u00faszik a v\u00edzen? A tanul\u00f3 v\u00e1lasza: Mert ha lemer\u00fclne, gy\u00f6keret eresztene.<\/strong><\/em><\/p>\r\n<p><em><strong>-\u00a0A szarvasmarha eml\u0151s \u00e1llat, pet\u00e9kkel szaporodik\u2026<\/strong><\/em><\/p>\r\n<p><em><strong>-\u00a0K\u00e9rd\u00e9s: Milyen a szarvasmarha fogazata?<\/strong><\/em><br \/><em><strong>V\u00e1lasz: S\u00e1rga<\/strong><\/em><\/p>\r\n<p><em><strong>-\u00a0IV. B\u00e9la visszah\u00edvta a kunokat. Az alf\u00f6ld\u00f6n rengeteg term\u0151f\u00f6ldet adott nekik, ahol szabadon legelhettek.<\/strong><\/em><\/p>\r\n<p><em><strong><a href=\"https:\/\/zacc.cafeblog.hu\/files\/2015\/04\/240.jpg\" rel=\"attachment wp-att-38021\"><img class=\"aligncenter size-full wp-image-38021\" src=\"https:\/\/zacc.cafeblog.hu\/files\/2015\/04\/240.jpg\" alt=\"2\" width=\"650\" height=\"487\" \/><\/a><\/strong><\/em><\/p>\r\n<p><em><strong>- Nek\u00fcnk feladt\u00e1k elolvasni a V\u00edzkereszt, vagy amit akartok c. m\u0171vet, az oszt\u00e1lyt\u00e1rsam elolvasta a T\u00fcskev\u00e1rat\u2026<\/strong><\/em><\/p>\r\n<p><em><strong>-\u00a0Oszt\u00e1ly megbesz\u00e9l\u00e9s sz\u00ednh\u00e1zl\u00e1togat\u00e1sr\u00f3l\u2026<\/strong><\/em><br \/><em><strong>gyerek: \u2013 \u00c9s mit fogunk megn\u00e9zni?<\/strong><\/em><br \/><em><strong>tan\u00e1r: \u2013 V\u00edzkereszt, vagy amit akartok.<\/strong><\/em><br \/><em><strong>gyerek: \u2013 M\u00e9g lehet v\u00e1lasztani?<\/strong><\/em><\/p>\r\n<p><em><strong>-\u00a0F\u00f6ldrajzb\u00f3l \u00edrtunk dolgozatot. 1\/ feladat: sivatag jellemz\u0151i. Az okos kisl\u00e1ny v\u00e1lasza a k\u00f6vetkez\u0151 volt: \u2013 \u201cgy\u00e9r f\u0171, itt-ott homok, meg 1-2 puputeve\u201d.<\/strong><\/em><\/p>\r\n<p><em><strong>-\u00a01849 augusztus\u00e1ban G\u00f6rgey nem v\u00e1rta meg a naplement\u00e9t, ez\u00e9rt m\u00e9g Vil\u00e1gosn\u00e1l letette a fegyvert.<\/strong><\/em><\/p>\r\n<p><em><strong>-\u00a0Z\u00e1rthelyi politikai gazdas\u00e1gtanb\u00f3l. a tan\u00e1r \u00far is nagyon unta \u2013 k\u00f6zel 200 b\u00f6lcs\u00e9sz egyszerre -, megsz\u00f3lal:<\/strong><\/em><br \/><em><strong>Aki els\u0151nek befejezi egy jeggyel jobbat kap\u2026.<\/strong><\/em><br \/><em><strong>Kom\u00e1m felteszi a kez\u00e9t:\u00a0\u00cdrja be a kettest Tan\u00e1r \u00far!<\/strong><\/em><\/p>\r\n<p><em><strong>- Egy tan\u00e1ri verzi\u00f3:\u00a0T\u00f6ri \u00f3r\u00e1n volt n\u00e9ha demokr\u00e1cia is. Lehetett szavazni id\u0151nk\u00e9nt.Egyszer t\u00e9maz\u00e1r\u00f3t \u00edrattam. Halad az id\u0151, j\u00f3 tan\u00e1rhoz ill\u0151en bemondom h\u00e1ny perc van m\u00e9g az \u00f3r\u00e1b\u00f3l. V\u00e9ghajr\u00e1, sz\u00f3lok, hogy:<\/strong><\/em><br \/><em><strong>- M\u00e9g 5 perc van h\u00e1tra, tess\u00e9k igyekezni!<\/strong><\/em><br \/><em><strong>Marci, am\u00fagy j\u00f3 esz\u0171 sr\u00e1c felki\u00e1lt:<\/strong><\/em><br \/><em><strong>- Ki szavaz t\u00edzre?<\/strong><\/em><br \/><em><strong>..\u00e9s feltette a kez\u00e9t\u2026 elnevettem magam \u00e9s megadtam \u2013 a sz\u00fcnet terh\u00e9re \u2013 a k\u00e9rt id\u0151t\u2026<\/strong><\/em><\/p>\r\n<p><em><strong>- Ugyanett\u0151l az \u00fariembert\u0151l m\u00e9g egy remek anekdota:\u00a0A j\u00f3 po\u00e9nokat mindig kedveltem. Egyszer eb\u00e9d\u00fcgyeletesk\u00e9nt pr\u00f3b\u00e1ltam 250 hatodik \u00f3ra ut\u00e1ni fels\u0151 tagozatost n\u00e9mi rendezett form\u00e1ban beengedni az egy\u00e9bk\u00e9nt 60 f\u0151s eb\u00e9dl\u0151be\u2026 Mindenki sorban \u00e1ll, el\u0151l a kisl\u00e1nyok, sz\u00e9pen rendezetten. Rohan kereszt\u00fcl az udvaron L. Gyuszi \u2013 am\u00fagy r\u00e9m j\u00f3pofa, b\u00e1r kiss\u00e9 \u00e9l\u00e9nk gyerek. Megy a sor elej\u00e9re. a l\u00e1nyok r\u00e1sz\u00f3lnak. Gyuszi kil\u00f6k kett\u0151t a sorb\u00f3l, a leghangosabbnak odasz\u00f3l, egyiknek megh\u00fazza a haj\u00e1t magamhoz \u201ck\u00e9retem\u201d. Erk\u00f6lcsi p\u00e9ldabesz\u00e9ddel pr\u00f3b\u00e1lok meg hatni r\u00e1.<\/strong><\/em><br \/><em><strong>Tudni kell, hogy \u00e9n az eb\u00e9dl\u0151 bej\u00e1rat\u00e1n\u00e1l \u00e1lltam a harmadik, legf\u00f6ls\u0151 l\u00e9pcs\u0151fokon, Gyuszi akkor \u2013 \u00f6t\u00f6dikes l\u00e9v\u00e9n \u2013 volt mintegy 140 cm \u2013 ha kih\u00fazta mag\u00e1t. Jelent\u0151s \u201cszintk\u00fcl\u00f6nbs\u00e9g\u201d volt k\u00f6z\u00f6tt\u00fcnk.<\/strong><\/em><br \/><em><strong>Sz\u00f3zat:<\/strong><\/em><br \/><em><strong>- L\u2026ha \u00dar K\u00e9rem! Az \u00fariemberek mindig el\u0151reengedik a l\u00e1nyokat a sorban, nem l\u00f6kd\u00f6s\u0151dnek, sz\u00e9pen besz\u00e9lnek, \u00e9s nemhogy b\u00e1ntani nem szokt\u00e1k, hanem ink\u00e1bb megv\u00e9dik a n\u0151ket. A gazemberek viszont tolakszanak, l\u00f6kd\u00f6s\u0151dnek \u00e9s b\u00e1ntj\u00e1k a l\u00e1nyokat! Nos! L\u2026ha \u00dar k\u00e9rem! Mi \u00d6n? \u00dariember, vagy gazember??<\/strong><\/em><br \/><em><strong>Elgondolkodik a dolgon \u2013 de -, l\u00e1tom, hogy val\u00f3ban medit\u00e1l, nem csak tetteti.<\/strong><\/em><br \/><em><strong>Felemeli a fej\u00e9t. R\u00e1m n\u00e9z \u00e9s hal\u00e1l \u0151szint\u00e9n megsz\u00f3lal:<\/strong><\/em><br \/><em><strong>- Tudja Tan\u00e1r \u00far? Teljes hat\u00e1rozotts\u00e1ggal egyiket sem mern\u00e9m \u00e1ll\u00edtani\u2026.<br \/><\/strong><\/em><em><strong>(Most mit csin\u00e1ljak? Elnevettem magam, \u00e9s megk\u00e9rtem, hogy ballagjon vissza a hely\u00e9re \u2013 sor v\u00e9ge \u2013 \u00e9s gondolkozzon ezen egy kicsit\u2026 De az ilyen k\u00f6ly\u00f6kre nem lehet \u2013 tal\u00e1n nem is kell \u2013 haragudni\u2026. jelzem ma m\u00e1r 180 centi).<\/strong><\/em><\/p>\r\n<p><em><strong>-\u00a0Gimis oszt\u00e1lyt\u00e1rsam, t\u00f6ri felelet: \u201cA t\u00f6r\u00f6k v\u00e1rban fejetlens\u00e9g \u00fct\u00f6tte fel a fej\u00e9t!\u201d Szint\u00e9n \u0151: \u201cZr\u00ednyi kirohant a v\u00e1rb\u00f3l, mert m\u00e1r h\u00e1rom napja nem rohant ki!\u201d<\/strong><\/em><\/p>\r\n<p><em><strong>-\u00a0Mint volt egyik oszt\u00e1lyt\u00e1rsam, szint\u00e9n: Irodalom \u00f3ra vers felelet. 3 db verset kellett mondani 2 volt k\u00f6telez\u0151, 1 pedig szabadon v\u00e1lasztott. Kezdte a szabadon v\u00e1lasztottal. \u201cArany J\u00e1nos: A cs\u00f6nd\u201d \u00e9s durv\u00e1n 5-10 percig csendben volt, majd ut\u00e1na esett le a tan\u00e1rn\u0151nek is.<\/strong><\/em><\/p>\r\n<p><em><strong>-\u00a0III. rajz\u00f3ra g\u00f6r\u00f6g m\u0171v\u00e9szet: rajzoltam egy g\u00f6r\u00f6g dinny\u00e9t.<\/strong><\/em><\/p>\r\n<p><em><strong>-\u00a0Tan\u00e1r : Mondja el a ,,Szeptember v\u00e9g\u00e9,,-t. Di\u00e1k: 29,30,31. Tan\u00e1r: 1-es, a szeptember csak 30 napos!<\/strong><\/em><\/p>\r\n<p><em><strong>-\u00a0Dolgozat k\u00e9rd\u00e9s: Ki volt Antigon\u00e9?<\/strong><\/em><br \/><em><strong>V\u00e1lasz: Antigo feles\u00e9ge<\/strong><\/em><\/p>\r\n<p><em><strong>-\u00a0Egy amerikai t\u00f6rt\u00e9nelem dolgozatb\u00f3l:<\/strong><\/em><br \/><em><strong>K\u00e9rd\u00e9s: Mi \u00e9rt v\u00e9get 1865-ben?<\/strong><\/em><br \/><em><strong>V\u00e1lasz: 1864<\/strong><\/em><\/p>\r\n<p><em><strong>- Ki fedezte fel Amerik\u00e1t?<\/strong><\/em><br \/><em><strong>- Kolomp\u00e1r Krist\u00f3f.<\/strong><\/em><\/p>\r\n<p><em><strong>-\u00a0D\u00e1nia legmagasabb pontja a Koppenh\u00e1g\u00f3.<\/strong><\/em><\/p>\r\n<p><em><strong>-\u00a0Ukrajna az els\u0151 vil\u00e1gh\u00e1bor\u00fa ut\u00e1n f\u00fcggetlen volt, majd k\u00e9s\u0151bb a Szovjetuni\u00f3 mag\u00e1\u00e9v\u00e1 tette.<\/strong><\/em><\/p>\r\n<p><em><strong>-\u00a0M\u00e1rcius 15-\u00e9n Pet\u0151fi a Nemzeti M\u00fazeum el\u0151tt elszavalta a Nemzeti dalt \u00e9s erre 12 pontot kapott.<\/strong><\/em><\/p>\r\n<p><em><strong>- Anat\u00f3mia szigorlaton a prof. felteszi a k\u00e9rd\u00e9st a vizsg\u00e1z\u00f3nak: Mondjon nekem k\u00e9rem olyan eml\u0151st amelyik h\u00edmvesszej\u00e9ben csont tal\u00e1lhat\u00f3! N\u00e9mi t\u00f6preng\u00e9s ut\u00e1n a vizsg\u00e1z\u00f3 hat\u00e1rozottan v\u00e1laszol: az ember. Mire a prof: kisasszony, maga csak \u00fagy \u00e9rezte, csak \u00fagy \u00e9rezte!!!<\/strong><\/em><\/p>\r\n<p><em><strong>-\u00a0Mikor t\u00f6rt\u00e9nelemb\u0151l \u00e9retts\u00e9giztem mes\u00e9ltek nekem egy sztorit egy sr\u00e1cr\u00f3l. Az egyetlen t\u00e9tel amit tudott a m\u00e1sodik vil\u00e1gh\u00e1bor\u00fa volt. M\u00e1ty\u00e1s kir\u00e1lyt h\u00fazta, a felelet\u00e9t \u00edgy \u00e9p\u00edtette fel:\u00a0M\u00e1ty\u00e1s kir\u00e1ly egy igazs\u00e1gos, nagy kir\u00e1ly volt, azt\u00e1n teltek m\u00faltak az \u00e9vek \u00e9s el\u00e9rkezett a m\u00e1sodik vil\u00e1gh\u00e1bor\u00fa.<\/strong><\/em><\/p>\r\n<p><em><strong>-\u00a0Noszty Feri megsz\u00f6ktette T\u00f3th Marit \u00e9s megkompromitt\u00e1lta..<\/strong><\/em><br \/><em><strong>Mire a tan\u00e1r: Rosszul tudod, nem kompromitt\u00e1lta meg..<\/strong><\/em><\/p>\r\n<p><em><strong>-\u00a0Radn\u00f3ti \u00f6sszesen h\u00e1rom eklog\u00e1t \u00edrt: az Els\u0151t, a Harmadikat \u00e9s a Hetediket.<\/strong><\/em><\/p>\r\n<p><em><strong>- Hogy h\u00edvt\u00e1k Kolumbusz haj\u00f3it?<\/strong><\/em><br \/><em><strong>- S\u00e1nta M\u00e1ria, Nindzsa \u00e9s Pia.<\/strong><\/em><\/p>\r\n<p><em><strong>- Jellemezd a szivacsokat!<\/strong><\/em><br \/><em><strong>- A szivacsok kis n\u00f6v\u00e9nyi \u00e1llatk\u00e1k.<\/strong><\/em><\/p>\r\n<p><em><strong>-\u00a0Martin Luther King a 16. sz\u00e1zad legnagyobb reform\u00e1tora volt.<\/strong><\/em><\/p>\r\n<p><a href=\"https:\/\/zacc.cafeblog.hu\/files\/2015\/04\/241.jpg\" rel=\"attachment wp-att-38022\"><img class=\"aligncenter size-full wp-image-38022\" src=\"https:\/\/zacc.cafeblog.hu\/files\/2015\/04\/241.jpg\" alt=\"2\" width=\"650\" height=\"468\" \/><\/a><\/p>\r\n<p><em><strong>- Informatika \u00f3ra: Mi a v\u00edrus? V\u00e1lasz:: a sz\u00e1m\u00edt\u00f3g\u00e9p v\u00edrusos megbeteged\u00e9se amit az emberekt\u0151l elkapott.<\/strong><\/em><\/p>\r\n<p><em><strong>-\u00a0\u00c1ltal\u00e1nos iskola fizika doga, k\u00e9rd\u00e9s energiamegmarad\u00e1s t\u00f6rv\u00e9nye. Oszt\u00e1lyt\u00e1rsam v\u00e1lasza: \u0150seink feltal\u00e1lt\u00e1k az energi\u00e1t \u00e9s az a mai napig megmaradt.<\/strong><\/em><\/p>\r\n<p><em><strong>-\u00a0Szentgy\u00f6rgyi\u00a0Albert sok C vitamint tartalmazott.<\/strong><\/em><\/p>\r\n<p><em><strong>-\u00a0N\u00e1lunk is volt hasonl\u00f3 m\u0171vt\u00f6ri dog\u00e1ban. K\u00e9t k\u00fcl\u00f6nb\u00f6z\u0151 st\u00edlusban \u00e9p\u00fclt templom homlokzat\u00e1t \u00e1br\u00e1zol\u00f3 rajz alatta a k\u00e9rd\u00e9ssel: Mi a k\u00fcl\u00f6nbs\u00e9g a k\u00e9t k\u00e9p k\u00f6z\u00f6tt? Az egyik legjobb v\u00e1lasz ez volt: a jobb oldalit nehezebb volt kisz\u00ednezni.<\/strong><\/em><\/p>\r\n<p><em><strong>-\u00a0Hogy mit \u00e9rzett J\u00e1nos vit\u00e9z abban sz\u0171k piros nadr\u00e1gj\u00e1ban, azt elmondani nem is lehet.<\/strong><\/em><\/p>\r\n<p><em><strong>-\u00a0Pet\u0151fi meghat\u00f3 m\u00f3don szerette anyj\u00e1t, mely abb\u00f3l a vers\u00e9b\u0151l is kit\u0171nik, amit \u00edrt: B\u00e1r maradtam volna benne v\u00e9gig.<\/strong><\/em><\/p>\r\n<p><em><strong>-\u00a0Pet\u0151fi egyik verse? K\u00e1roly v\u00e1lasza: Sz\u0151l\u0151f\u00f6ldemen.<\/strong><\/em><\/p>\r\n<p><em><strong>-\u00a0Nap\u00f3leon \u00fagy halt meg, hogy leesett a vaterl\u00f3r\u00f3l!<\/strong><\/em><\/p>\r\n<p><em><strong>-\u00a0Oszt\u00e1lyt\u00e1rsam irodalom \u00f3r\u00e1n : J\u00f3zsef Attila \u00f6ngyilkos lett. El\u00fct\u00f6tte a vonat. Pedig az \u00e9lete pont ekkor kezdett el s\u00ednre t\u00e9rni.<\/strong><\/em><\/p>\r\n<p><em><strong>-\u00a0Oszt\u00e1lyt\u00e1rsamnak kellett felsorolni a h\u00e9t vez\u00e9rt. J\u00f3l siker\u00fclt.: \u00c1lmos, El\u0151d, Ond, Kond, Hapci, Tudor, Vidor!<\/strong><\/em><\/p>\r\n<p><em><strong>-\u00a0Volt oszt\u00e1lyt\u00e1rsam felelt f\u00f6ldrajz \u00f3r\u00e1n, gyorsan v\u00e9gzett. Tan\u00e1r: \u201cGerg\u0151, legyen egy re\u00e1lis egyes, egy kompromisszumos 1\/2, vagy egy megal\u00e1z\u00f3 kettes?\u201d \u201cTan\u00e1rn\u0151, k\u00e9rem al\u00e1zzon meg!\u201d<\/strong><\/em><\/p>\r\n<p><em><strong>-\u00a0A fiam k\u00f6rnyezet felm\u00e9r\u0151je: Takarm\u00e1nyn\u00f6v\u00e9nyek: b\u00faza, kukorica, cefre.<\/strong><\/em><\/p>\r\n<p><em><strong>-\u00a0Tan\u00edt\u00f3n\u00e9ni az els\u0151s\u00f6kh\u00f6z: Ki tudja megmondani mit \u00fcnnepl\u00fcnk m\u00e1rcius 15 \u00e9n? Fiam majd kiesik a padb\u00f3l \u00fagy jelentkezik. Nos? V\u00e1lasz: A sz\u00fclet\u00e9snapomat!<\/strong><\/em><\/p>\r\n<p><em><strong>- Megk\u00e9rdeztem, hogy mi volt N\u00e1ndorfeh\u00e9rv\u00e1rn\u00e1l. Hossz\u00fa csend ut\u00e1n valaki felki\u00e1ltott: \u2013 Ja, Dugovics Titusz ott fulladt bele a S\u00e1ros-patakba!<\/strong><\/em><\/p>\r\n<p><em><strong>- \u00c1ltal\u00e1nos iskol\u00e1s fogalmaz\u00e1s: \u201cBel\u00e9ptem a szob\u00e1ba, ahol korom s\u00f6t\u00e9t volt \u00e9s l\u00e1ttam, hogy nem l\u00e1tok semmit!\u201d<\/strong><\/em><\/p>\r\n<p><em><strong>-\u00a0Dolgozatban k\u00e9rd\u00e9s \u2013 Mi az apr\u00f3 szul\u00e1k? V\u00e1lasz: kicsi, v\u00e9rszomjas, hegyes fog\u00fa ragadoz\u00f3 eml\u0151s\u2026<\/strong><\/em><\/p>\r\n<p><em><strong>-\u00a0Tan\u00e1r: \u2013 Hogy ker\u00fclt M\u00e1ria Ter\u00e9zia tr\u00f3nra?<\/strong><\/em><br \/><em><strong>Di\u00e1k: \u2013 R\u00e1\u00fclt.<\/strong><\/em><\/p>\r\n<p><em><strong>-\u00a0W.A. Mozart apja Leop\u00e1rd Mozart .<\/strong><\/em><\/p>\r\n<p><em><strong>-\u00a0Mi\u00e9rt nem kukor\u00e9kol a sz\u00e9lkakas?<\/strong><\/em><br \/><em><strong>V\u00e1lasz : \u2013 Mert nincs sz\u00e9l\u2026 Mert ha kukor\u00e9kol, akkor figyelmeztet, hogy k\u00e9sz\u00fclj\u00fcnk fel a viharokra, t\u00f6bb napos zivatarra\u2026<\/strong><\/em><\/p>\r\n<p><em><strong>-\u00a0Irodalom doga B\u00e1nk b\u00e1nb\u00f3l, 1993.<\/strong><\/em><br \/><em><strong>Oszt\u00e1lyt\u00e1rs: \u201c\u2026\u00e9s az \u00e9jszaka be\u00e1lltakor Ott\u00f3 beporozta Melind\u00e1t.\u201d<\/strong><\/em><\/p>","type":"rich","thumbnail_url":"https:\/\/zacc.cafeblog.hu\/files\/2015\/04\/240-150x150.jpg","thumbnail_width":150,"thumbnail_height":150}